{"id":1632,"date":"2026-01-14T12:55:32","date_gmt":"2026-01-14T12:55:32","guid":{"rendered":"https:\/\/www.kamas.at\/?post_type=product&#038;p=1632"},"modified":"2026-02-22T08:57:58","modified_gmt":"2026-02-22T08:57:58","slug":"premium-box-1-2","status":"publish","type":"product","link":"https:\/\/www.kamas.at\/hr\/produkt\/premium-box-1-2\/","title":{"rendered":"Premium Box 1"},"content":{"rendered":"<p>Die Gesichtscreme hat eine sanfte und geschmeidige Textur und verstr\u00f6mt beim Auftragen einen Duft nach Zitrusfr\u00fcchten und Immortellen. Diese Kombination sorgt f\u00fcr einen fr\u00f6hlichen und strahlenden Start in den Tag \u2013 egal, welcher Hauttyp ist \u2013 und hilft Ihnen, Stress bei Ihrer abendlichen Pflegeroutine abzubauen. Aloe Vera, Sheabutter und Oliven\u00f6l spenden der Haut Feuchtigkeit, pflegen sie und erfrischen sie. Das Duschgel mit seinem zarten Duft nach Gardenie und Waldfr\u00fcchten eignet sich auch zur Haarw\u00e4sche und regeneriert, hydratisiert und macht die Haut dank Eselsmilch weich und geschmeidig.<\/p>\n<p>Die Viktoria Gesichtscreme und das Duschgel mit Eselsmilch sind dermatologisch getestet und f\u00fcr alle Hauttypen und jedes Alter geeignet, selbst f\u00fcr sehr empfindliche Haut.<\/p>\n","protected":false},"excerpt":{"rendered":"<p>Eine Geschenkbox, die eine Gesichtscreme mit zarter und geschmeidiger Textur enth\u00e4lt, die beim Auftragen auf das Gesicht einen Zitrusduft vermischt mit Immortellenbl\u00fcten verstr\u00f6mt, und ein Duschgel mit einem zarten Duft nach Gardenie und Waldfr\u00fcchten, das auch zum Haarewaschen verwendet werden kann und dank Eselsmilch die Haut regeneriert, mit Feuchtigkeit versorgt und sie weich und geschmeidig macht.<\/p>\n","protected":false},"featured_media":1648,"comment_status":"open","ping_status":"closed","template":"","meta":{"_acf_changed":false},"product_brand":[],"product_cat":[20,70,71,76],"product_tag":[],"class_list":{"0":"post-1632","1":"product","2":"type-product","3":"status-publish","4":"has-post-thumbnail","6":"product_cat-hygiene-kosmetik","7":"product_cat-neu-produkte","8":"product_cat-sale","9":"product_cat-set","11":"first","12":"instock","13":"taxable","14":"shipping-taxable","15":"purchasable","16":"product-type-simple"},"acf":[],"jetpack_sharing_enabled":true,"_links":{"self":[{"href":"https:\/\/www.kamas.at\/hr\/wp-json\/wp\/v2\/product\/1632","targetHints":{"allow":["GET"]}}],"collection":[{"href":"https:\/\/www.kamas.at\/hr\/wp-json\/wp\/v2\/product"}],"about":[{"href":"https:\/\/www.kamas.at\/hr\/wp-json\/wp\/v2\/types\/product"}],"replies":[{"embeddable":true,"href":"https:\/\/www.kamas.at\/hr\/wp-json\/wp\/v2\/comments?post=1632"}],"wp:featuredmedia":[{"embeddable":true,"href":"https:\/\/www.kamas.at\/hr\/wp-json\/wp\/v2\/media\/1648"}],"wp:attachment":[{"href":"https:\/\/www.kamas.at\/hr\/wp-json\/wp\/v2\/media?parent=1632"}],"wp:term":[{"taxonomy":"product_brand","embeddable":true,"href":"https:\/\/www.kamas.at\/hr\/wp-json\/wp\/v2\/product_brand?post=1632"},{"taxonomy":"product_cat","embeddable":true,"href":"https:\/\/www.kamas.at\/hr\/wp-json\/wp\/v2\/product_cat?post=1632"},{"taxonomy":"product_tag","embeddable":true,"href":"https:\/\/www.kamas.at\/hr\/wp-json\/wp\/v2\/product_tag?post=1632"}],"curies":[{"name":"wp","href":"https:\/\/api.w.org\/{rel}","templated":true}]}}